{"id":5079,"date":"2020-08-30T18:10:18","date_gmt":"2020-08-30T16:10:18","guid":{"rendered":"http:\/\/www.meine-awi.de\/awi-aktuell\/veranstaltungen\/ausburg-gruendet-11-2018\/"},"modified":"2020-12-21T12:27:47","modified_gmt":"2020-12-21T11:27:47","slug":"ausburg-gruendet-11-2018","status":"publish","type":"mec-events","link":"https:\/\/www.meine-awi.de\/awi-aktuell\/veranstaltungen\/ausburg-gruendet-11-2018\/","title":{"rendered":"Ausburg Gr\u00fcndet! 11\/2018"},"content":{"rendered":"<div class=\"teaser-text\">\n<p>Mittwoch, 21. November 2018 ab 14:00 Uhr im Kongress am Park<\/p>\n<\/div>\n<div class=\"news-text-wrap\">\n<p>Gr\u00fcnder und Start-ups pr\u00e4sentieren ihre Ideen. Experten geben ihr Wissen weiter.\u00a0<a class=\"external-link-new-window\" title=\"Opens internal link in current window\" href=\"https:\/\/2018.augsburg-gruendet.de\/\" target=\"_blank\" rel=\"noopener noreferrer\">\u201eAugsburg gr\u00fcndet!\u201c\u00a0<\/a>bietet die Gelegenheit, sich zu vernetzen, neue Ideen aufzugreifen, sich \u00fcber Gr\u00fcnder und Gr\u00fcndungsaktivit\u00e4ten der Wirtschaftsregion zu informieren sowie mit Vertretern von Wissenschaft, Wirtschaft und Politik ins Gespr\u00e4ch zu kommen.<\/p>\n<\/div>\n","protected":false},"excerpt":{"rendered":"<p>Mittwoch, 21. November 2018 ab 14:00 Uhr im Kongress am Park Gr\u00fcnder und Start-ups pr\u00e4sentieren ihre Ideen. Experten geben ihr Wissen weiter.\u00a0\u201eAugsburg gr\u00fcndet!\u201c\u00a0bietet die Gelegenheit, sich zu vernetzen, neue Ideen aufzugreifen, sich \u00fcber Gr\u00fcnder und Gr\u00fcndungsaktivit\u00e4ten der Wirtschaftsregion zu informieren sowie mit Vertretern von Wissenschaft, Wirtschaft und Politik ins Gespr\u00e4ch zu kommen.<\/p>\n","protected":false},"author":4,"featured_media":8529,"comment_status":"closed","ping_status":"closed","template":"","tags":[],"mec_category":[114,64,103],"mec_speaker":[],"class_list":["post-5079","mec-events","type-mec-events","status-publish","has-post-thumbnail","hentry","mec_category-digitalisierung","mec_category-existenzgruender","mec_category-rewe-steuern"],"yoast_head":"<!-- This site is optimized with the Yoast SEO Premium plugin v27.2 (Yoast SEO v27.5) - https:\/\/yoast.com\/product\/yoast-seo-premium-wordpress\/ -->\n<title>Ausburg Gr\u00fcndet! 11\/2018 | Aktuelle Steuerthemen Steuerberater &amp; Wirtschaftspr\u00fcfer Augsburg<\/title>\n<meta name=\"robots\" content=\"index, follow, max-snippet:-1, max-image-preview:large, max-video-preview:-1\" \/>\n<link rel=\"canonical\" href=\"https:\/\/www.meine-awi.de\/awi-aktuell\/veranstaltungen\/ausburg-gruendet-11-2018\/\" \/>\n<meta property=\"og:locale\" content=\"de_DE\" \/>\n<meta property=\"og:type\" content=\"article\" \/>\n<meta property=\"og:title\" content=\"Ausburg Gr\u00fcndet! 11\/2018\" \/>\n<meta property=\"og:description\" content=\"Mittwoch, 21. November 2018 ab 14:00 Uhr im Kongress am Park Gr\u00fcnder und Start-ups pr\u00e4sentieren ihre Ideen. Experten geben ihr Wissen weiter.\u00a0\u201eAugsburg\" \/>\n<meta property=\"og:url\" content=\"https:\/\/www.meine-awi.de\/awi-aktuell\/veranstaltungen\/ausburg-gruendet-11-2018\/\" \/>\n<meta property=\"og:site_name\" content=\"Aktuelle Steuerthemen Steuerberater &amp; Wirtschaftspr\u00fcfer Augsburg\" \/>\n<meta property=\"article:modified_time\" content=\"2020-12-21T11:27:47+00:00\" \/>\n<meta property=\"og:image\" content=\"https:\/\/www.meine-awi.de\/awi-aktuell\/wp-content\/uploads\/sites\/6\/2020\/08\/Augsburg-Gruendet-2018.jpg\" \/>\n\t<meta property=\"og:image:width\" content=\"1140\" \/>\n\t<meta property=\"og:image:height\" content=\"300\" \/>\n\t<meta property=\"og:image:type\" content=\"image\/jpeg\" \/>\n<meta name=\"twitter:card\" content=\"summary_large_image\" \/>\n<script type=\"application\/ld+json\" class=\"yoast-schema-graph\">{\"@context\":\"https:\\\/\\\/schema.org\",\"@graph\":[{\"@type\":\"WebPage\",\"@id\":\"https:\\\/\\\/www.meine-awi.de\\\/awi-aktuell\\\/veranstaltungen\\\/ausburg-gruendet-11-2018\\\/\",\"url\":\"https:\\\/\\\/www.meine-awi.de\\\/awi-aktuell\\\/veranstaltungen\\\/ausburg-gruendet-11-2018\\\/\",\"name\":\"Ausburg Gr\u00fcndet! 11\\\/2018 | Aktuelle Steuerthemen Steuerberater &amp; Wirtschaftspr\u00fcfer Augsburg\",\"isPartOf\":{\"@id\":\"https:\\\/\\\/www.meine-awi.de\\\/awi-aktuell\\\/#website\"},\"primaryImageOfPage\":{\"@id\":\"https:\\\/\\\/www.meine-awi.de\\\/awi-aktuell\\\/veranstaltungen\\\/ausburg-gruendet-11-2018\\\/#primaryimage\"},\"image\":{\"@id\":\"https:\\\/\\\/www.meine-awi.de\\\/awi-aktuell\\\/veranstaltungen\\\/ausburg-gruendet-11-2018\\\/#primaryimage\"},\"thumbnailUrl\":\"https:\\\/\\\/www.meine-awi.de\\\/awi-aktuell\\\/wp-content\\\/uploads\\\/sites\\\/6\\\/2020\\\/08\\\/Augsburg-Gruendet-2018.jpg\",\"datePublished\":\"2020-08-30T16:10:18+00:00\",\"dateModified\":\"2020-12-21T11:27:47+00:00\",\"breadcrumb\":{\"@id\":\"https:\\\/\\\/www.meine-awi.de\\\/awi-aktuell\\\/veranstaltungen\\\/ausburg-gruendet-11-2018\\\/#breadcrumb\"},\"inLanguage\":\"de\",\"potentialAction\":[{\"@type\":\"ReadAction\",\"target\":[\"https:\\\/\\\/www.meine-awi.de\\\/awi-aktuell\\\/veranstaltungen\\\/ausburg-gruendet-11-2018\\\/\"]}]},{\"@type\":\"ImageObject\",\"inLanguage\":\"de\",\"@id\":\"https:\\\/\\\/www.meine-awi.de\\\/awi-aktuell\\\/veranstaltungen\\\/ausburg-gruendet-11-2018\\\/#primaryimage\",\"url\":\"https:\\\/\\\/www.meine-awi.de\\\/awi-aktuell\\\/wp-content\\\/uploads\\\/sites\\\/6\\\/2020\\\/08\\\/Augsburg-Gruendet-2018.jpg\",\"contentUrl\":\"https:\\\/\\\/www.meine-awi.de\\\/awi-aktuell\\\/wp-content\\\/uploads\\\/sites\\\/6\\\/2020\\\/08\\\/Augsburg-Gruendet-2018.jpg\",\"width\":1140,\"height\":300},{\"@type\":\"BreadcrumbList\",\"@id\":\"https:\\\/\\\/www.meine-awi.de\\\/awi-aktuell\\\/veranstaltungen\\\/ausburg-gruendet-11-2018\\\/#breadcrumb\",\"itemListElement\":[{\"@type\":\"ListItem\",\"position\":1,\"name\":\"Home\",\"item\":\"https:\\\/\\\/www.meine-awi.de\\\/awi-aktuell\\\/\"},{\"@type\":\"ListItem\",\"position\":2,\"name\":\"Ausburg Gr\u00fcndet! 11\\\/2018\"}]},{\"@type\":\"WebSite\",\"@id\":\"https:\\\/\\\/www.meine-awi.de\\\/awi-aktuell\\\/#website\",\"url\":\"https:\\\/\\\/www.meine-awi.de\\\/awi-aktuell\\\/\",\"name\":\"Aktuelle Steuerthemen Steuerberater &amp; Wirtschaftspr\u00fcfer Augsburg\",\"description\":\"awi Wirtschaftskanzlei Augsburg\",\"publisher\":{\"@id\":\"https:\\\/\\\/www.meine-awi.de\\\/awi-aktuell\\\/#organization\"},\"potentialAction\":[{\"@type\":\"SearchAction\",\"target\":{\"@type\":\"EntryPoint\",\"urlTemplate\":\"https:\\\/\\\/www.meine-awi.de\\\/awi-aktuell\\\/?s={search_term_string}\"},\"query-input\":{\"@type\":\"PropertyValueSpecification\",\"valueRequired\":true,\"valueName\":\"search_term_string\"}}],\"inLanguage\":\"de\"},{\"@type\":\"Organization\",\"@id\":\"https:\\\/\\\/www.meine-awi.de\\\/awi-aktuell\\\/#organization\",\"name\":\"AWI TREUHAND\",\"url\":\"https:\\\/\\\/www.meine-awi.de\\\/awi-aktuell\\\/\",\"logo\":{\"@type\":\"ImageObject\",\"inLanguage\":\"de\",\"@id\":\"https:\\\/\\\/www.meine-awi.de\\\/awi-aktuell\\\/#\\\/schema\\\/logo\\\/image\\\/\",\"url\":\"https:\\\/\\\/www.meine-awi.de\\\/awi-aktuell\\\/wp-content\\\/uploads\\\/sites\\\/6\\\/2020\\\/12\\\/AWI-LOGO-grande-senza-awi.png\",\"contentUrl\":\"https:\\\/\\\/www.meine-awi.de\\\/awi-aktuell\\\/wp-content\\\/uploads\\\/sites\\\/6\\\/2020\\\/12\\\/AWI-LOGO-grande-senza-awi.png\",\"width\":497,\"height\":558,\"caption\":\"AWI TREUHAND\"},\"image\":{\"@id\":\"https:\\\/\\\/www.meine-awi.de\\\/awi-aktuell\\\/#\\\/schema\\\/logo\\\/image\\\/\"}}]}<\/script>\n<!-- \/ Yoast SEO Premium plugin. -->","yoast_head_json":{"title":"Ausburg Gr\u00fcndet! 11\/2018 | Aktuelle Steuerthemen Steuerberater &amp; Wirtschaftspr\u00fcfer Augsburg","robots":{"index":"index","follow":"follow","max-snippet":"max-snippet:-1","max-image-preview":"max-image-preview:large","max-video-preview":"max-video-preview:-1"},"canonical":"https:\/\/www.meine-awi.de\/awi-aktuell\/veranstaltungen\/ausburg-gruendet-11-2018\/","og_locale":"de_DE","og_type":"article","og_title":"Ausburg Gr\u00fcndet! 11\/2018","og_description":"Mittwoch, 21. November 2018 ab 14:00 Uhr im Kongress am Park Gr\u00fcnder und Start-ups pr\u00e4sentieren ihre Ideen. Experten geben ihr Wissen weiter.\u00a0\u201eAugsburg","og_url":"https:\/\/www.meine-awi.de\/awi-aktuell\/veranstaltungen\/ausburg-gruendet-11-2018\/","og_site_name":"Aktuelle Steuerthemen Steuerberater &amp; Wirtschaftspr\u00fcfer Augsburg","article_modified_time":"2020-12-21T11:27:47+00:00","og_image":[{"width":1140,"height":300,"url":"https:\/\/www.meine-awi.de\/awi-aktuell\/wp-content\/uploads\/sites\/6\/2020\/08\/Augsburg-Gruendet-2018.jpg","type":"image\/jpeg"}],"twitter_card":"summary_large_image","schema":{"@context":"https:\/\/schema.org","@graph":[{"@type":"WebPage","@id":"https:\/\/www.meine-awi.de\/awi-aktuell\/veranstaltungen\/ausburg-gruendet-11-2018\/","url":"https:\/\/www.meine-awi.de\/awi-aktuell\/veranstaltungen\/ausburg-gruendet-11-2018\/","name":"Ausburg Gr\u00fcndet! 11\/2018 | Aktuelle Steuerthemen Steuerberater &amp; Wirtschaftspr\u00fcfer Augsburg","isPartOf":{"@id":"https:\/\/www.meine-awi.de\/awi-aktuell\/#website"},"primaryImageOfPage":{"@id":"https:\/\/www.meine-awi.de\/awi-aktuell\/veranstaltungen\/ausburg-gruendet-11-2018\/#primaryimage"},"image":{"@id":"https:\/\/www.meine-awi.de\/awi-aktuell\/veranstaltungen\/ausburg-gruendet-11-2018\/#primaryimage"},"thumbnailUrl":"https:\/\/www.meine-awi.de\/awi-aktuell\/wp-content\/uploads\/sites\/6\/2020\/08\/Augsburg-Gruendet-2018.jpg","datePublished":"2020-08-30T16:10:18+00:00","dateModified":"2020-12-21T11:27:47+00:00","breadcrumb":{"@id":"https:\/\/www.meine-awi.de\/awi-aktuell\/veranstaltungen\/ausburg-gruendet-11-2018\/#breadcrumb"},"inLanguage":"de","potentialAction":[{"@type":"ReadAction","target":["https:\/\/www.meine-awi.de\/awi-aktuell\/veranstaltungen\/ausburg-gruendet-11-2018\/"]}]},{"@type":"ImageObject","inLanguage":"de","@id":"https:\/\/www.meine-awi.de\/awi-aktuell\/veranstaltungen\/ausburg-gruendet-11-2018\/#primaryimage","url":"https:\/\/www.meine-awi.de\/awi-aktuell\/wp-content\/uploads\/sites\/6\/2020\/08\/Augsburg-Gruendet-2018.jpg","contentUrl":"https:\/\/www.meine-awi.de\/awi-aktuell\/wp-content\/uploads\/sites\/6\/2020\/08\/Augsburg-Gruendet-2018.jpg","width":1140,"height":300},{"@type":"BreadcrumbList","@id":"https:\/\/www.meine-awi.de\/awi-aktuell\/veranstaltungen\/ausburg-gruendet-11-2018\/#breadcrumb","itemListElement":[{"@type":"ListItem","position":1,"name":"Home","item":"https:\/\/www.meine-awi.de\/awi-aktuell\/"},{"@type":"ListItem","position":2,"name":"Ausburg Gr\u00fcndet! 11\/2018"}]},{"@type":"WebSite","@id":"https:\/\/www.meine-awi.de\/awi-aktuell\/#website","url":"https:\/\/www.meine-awi.de\/awi-aktuell\/","name":"Aktuelle Steuerthemen Steuerberater &amp; Wirtschaftspr\u00fcfer Augsburg","description":"awi Wirtschaftskanzlei Augsburg","publisher":{"@id":"https:\/\/www.meine-awi.de\/awi-aktuell\/#organization"},"potentialAction":[{"@type":"SearchAction","target":{"@type":"EntryPoint","urlTemplate":"https:\/\/www.meine-awi.de\/awi-aktuell\/?s={search_term_string}"},"query-input":{"@type":"PropertyValueSpecification","valueRequired":true,"valueName":"search_term_string"}}],"inLanguage":"de"},{"@type":"Organization","@id":"https:\/\/www.meine-awi.de\/awi-aktuell\/#organization","name":"AWI TREUHAND","url":"https:\/\/www.meine-awi.de\/awi-aktuell\/","logo":{"@type":"ImageObject","inLanguage":"de","@id":"https:\/\/www.meine-awi.de\/awi-aktuell\/#\/schema\/logo\/image\/","url":"https:\/\/www.meine-awi.de\/awi-aktuell\/wp-content\/uploads\/sites\/6\/2020\/12\/AWI-LOGO-grande-senza-awi.png","contentUrl":"https:\/\/www.meine-awi.de\/awi-aktuell\/wp-content\/uploads\/sites\/6\/2020\/12\/AWI-LOGO-grande-senza-awi.png","width":497,"height":558,"caption":"AWI TREUHAND"},"image":{"@id":"https:\/\/www.meine-awi.de\/awi-aktuell\/#\/schema\/logo\/image\/"}}]}},"_links":{"self":[{"href":"https:\/\/www.meine-awi.de\/awi-aktuell\/wp-json\/wp\/v2\/mec-events\/5079","targetHints":{"allow":["GET"]}}],"collection":[{"href":"https:\/\/www.meine-awi.de\/awi-aktuell\/wp-json\/wp\/v2\/mec-events"}],"about":[{"href":"https:\/\/www.meine-awi.de\/awi-aktuell\/wp-json\/wp\/v2\/types\/mec-events"}],"author":[{"embeddable":true,"href":"https:\/\/www.meine-awi.de\/awi-aktuell\/wp-json\/wp\/v2\/users\/4"}],"replies":[{"embeddable":true,"href":"https:\/\/www.meine-awi.de\/awi-aktuell\/wp-json\/wp\/v2\/comments?post=5079"}],"version-history":[{"count":0,"href":"https:\/\/www.meine-awi.de\/awi-aktuell\/wp-json\/wp\/v2\/mec-events\/5079\/revisions"}],"wp:featuredmedia":[{"embeddable":true,"href":"https:\/\/www.meine-awi.de\/awi-aktuell\/wp-json\/wp\/v2\/media\/8529"}],"wp:attachment":[{"href":"https:\/\/www.meine-awi.de\/awi-aktuell\/wp-json\/wp\/v2\/media?parent=5079"}],"wp:term":[{"taxonomy":"post_tag","embeddable":true,"href":"https:\/\/www.meine-awi.de\/awi-aktuell\/wp-json\/wp\/v2\/tags?post=5079"},{"taxonomy":"mec_category","embeddable":true,"href":"https:\/\/www.meine-awi.de\/awi-aktuell\/wp-json\/wp\/v2\/mec_category?post=5079"},{"taxonomy":"mec_speaker","embeddable":true,"href":"https:\/\/www.meine-awi.de\/awi-aktuell\/wp-json\/wp\/v2\/mec_speaker?post=5079"}],"curies":[{"name":"wp","href":"https:\/\/api.w.org\/{rel}","templated":true}]}}