{"id":18141,"date":"2025-08-26T08:30:47","date_gmt":"2025-08-26T06:30:47","guid":{"rendered":"https:\/\/www.meine-awi.de\/awi-aktuell\/?post_type=aktuell&#038;p=18141"},"modified":"2025-08-26T09:15:14","modified_gmt":"2025-08-26T07:15:14","slug":"aktuelle-steuerinformationen-fuer-das-personalbuero-09-2025","status":"publish","type":"aktuell","link":"https:\/\/www.meine-awi.de\/awi-aktuell\/aktuell\/aktuelle-steuerinformationen-fuer-das-personalbuero-09-2025\/","title":{"rendered":"AKTUELLE STEUERINFORMATIONEN F\u00dcR DAS PERSONALB\u00dcRO 09\/2025"},"content":{"rendered":"<p><span style=\"font-family: arial, helvetica, sans-serif\">Aus Koalitionskreisen ist zu erfahren, dass bereits w\u00e4hrend der Sommerpause <strong>Steuerentlastungen f\u00fcr Arbeitnehmer<\/strong> abgestimmt werden sollen. Wir fassen zusammen, welche Erleichterungen die Bundesregierung plant. Dar\u00fcber hinaus berichten wir \u00fcber einen Vorschlag der Mindestlohnkommission, der erneut eine Anhebung der <strong>Minijobgrenze<\/strong> mit sich bringen d\u00fcrfte. Der <strong>Steuertipp<\/strong> beleuchtet die M\u00f6glichkeiten der Lohnsteuerpauschalierung bei juristischen Personen des \u00f6ffentlichen Rechts.<\/span><\/p>\n","protected":false},"excerpt":{"rendered":"<p>Aus Koalitionskreisen ist zu erfahren, dass bereits w\u00e4hrend der Sommerpause Steuerentlastungen f\u00fcr Arbeitnehmer abgestimmt werden sollen. Wir fassen zusammen, welche Erleichterungen die Bundesregierung plant. Dar\u00fcber hinaus berichten wir \u00fcber einen Vorschlag der Mindestlohnkommission, der erneut eine Anhebung der Minijobgrenze mit sich bringen d\u00fcrfte. Der Steuertipp beleuchtet die M\u00f6glichkeiten der Lohnsteuerpauschalierung bei juristischen Personen des \u00f6ffentlichen [&hellip;]<\/p>\n","protected":false},"author":17,"featured_media":0,"template":"","newsletter":[85],"class_list":["post-18141","aktuell","type-aktuell","status-publish","hentry","newsletter-personal"],"yoast_head":"<!-- This site is optimized with the Yoast SEO Premium plugin v27.2 (Yoast SEO v27.5) - https:\/\/yoast.com\/product\/yoast-seo-premium-wordpress\/ -->\n<title>AKTUELLE STEUERINFORMATIONEN F\u00dcR DAS PERSONALB\u00dcRO 09\/2025 | Aktuelle Steuerthemen Steuerberater &amp; Wirtschaftspr\u00fcfer Augsburg<\/title>\n<meta name=\"robots\" content=\"index, follow, max-snippet:-1, max-image-preview:large, max-video-preview:-1\" \/>\n<link rel=\"canonical\" href=\"https:\/\/www.meine-awi.de\/awi-aktuell\/aktuell\/aktuelle-steuerinformationen-fuer-das-personalbuero-09-2025\/\" \/>\n<meta property=\"og:locale\" content=\"de_DE\" \/>\n<meta property=\"og:type\" content=\"article\" \/>\n<meta property=\"og:title\" content=\"AKTUELLE STEUERINFORMATIONEN F\u00dcR DAS PERSONALB\u00dcRO 09\/2025\" \/>\n<meta property=\"og:description\" content=\"Aus Koalitionskreisen ist zu erfahren, dass bereits w\u00e4hrend der Sommerpause Steuerentlastungen f\u00fcr Arbeitnehmer abgestimmt werden sollen. Wir fassen\" \/>\n<meta property=\"og:url\" content=\"https:\/\/www.meine-awi.de\/awi-aktuell\/aktuell\/aktuelle-steuerinformationen-fuer-das-personalbuero-09-2025\/\" \/>\n<meta property=\"og:site_name\" content=\"Aktuelle Steuerthemen Steuerberater &amp; Wirtschaftspr\u00fcfer Augsburg\" \/>\n<meta property=\"article:modified_time\" content=\"2025-08-26T07:15:14+00:00\" \/>\n<meta property=\"og:image\" content=\"https:\/\/www.meine-awi.de\/awi-aktuell\/wp-content\/uploads\/sites\/6\/2021\/04\/AWI-Aktuell-Steuerberater-und-Wirtschaftspruefer-Augsburg.jpg\" \/>\n\t<meta property=\"og:image:width\" content=\"467\" \/>\n\t<meta property=\"og:image:height\" content=\"233\" \/>\n\t<meta property=\"og:image:type\" content=\"image\/jpeg\" \/>\n<meta name=\"twitter:card\" content=\"summary_large_image\" \/>\n<script type=\"application\/ld+json\" class=\"yoast-schema-graph\">{\"@context\":\"https:\\\/\\\/schema.org\",\"@graph\":[{\"@type\":\"NewsArticle\",\"@id\":\"https:\\\/\\\/www.meine-awi.de\\\/awi-aktuell\\\/aktuell\\\/aktuelle-steuerinformationen-fuer-das-personalbuero-09-2025\\\/#article\",\"isPartOf\":{\"@id\":\"https:\\\/\\\/www.meine-awi.de\\\/awi-aktuell\\\/aktuell\\\/aktuelle-steuerinformationen-fuer-das-personalbuero-09-2025\\\/\"},\"author\":{\"name\":\"urwank\",\"@id\":\"https:\\\/\\\/www.meine-awi.de\\\/awi-aktuell\\\/#\\\/schema\\\/person\\\/e4e374cf7bf9ccb1dfed5da185803eb9\"},\"headline\":\"AKTUELLE STEUERINFORMATIONEN F\u00dcR DAS PERSONALB\u00dcRO 09\\\/2025\",\"datePublished\":\"2025-08-26T06:30:47+00:00\",\"dateModified\":\"2025-08-26T07:15:14+00:00\",\"mainEntityOfPage\":{\"@id\":\"https:\\\/\\\/www.meine-awi.de\\\/awi-aktuell\\\/aktuell\\\/aktuelle-steuerinformationen-fuer-das-personalbuero-09-2025\\\/\"},\"wordCount\":68,\"publisher\":{\"@id\":\"https:\\\/\\\/www.meine-awi.de\\\/awi-aktuell\\\/#organization\"},\"inLanguage\":\"de\"},{\"@type\":\"WebPage\",\"@id\":\"https:\\\/\\\/www.meine-awi.de\\\/awi-aktuell\\\/aktuell\\\/aktuelle-steuerinformationen-fuer-das-personalbuero-09-2025\\\/\",\"url\":\"https:\\\/\\\/www.meine-awi.de\\\/awi-aktuell\\\/aktuell\\\/aktuelle-steuerinformationen-fuer-das-personalbuero-09-2025\\\/\",\"name\":\"AKTUELLE STEUERINFORMATIONEN F\u00dcR DAS PERSONALB\u00dcRO 09\\\/2025 | Aktuelle Steuerthemen Steuerberater &amp; Wirtschaftspr\u00fcfer Augsburg\",\"isPartOf\":{\"@id\":\"https:\\\/\\\/www.meine-awi.de\\\/awi-aktuell\\\/#website\"},\"datePublished\":\"2025-08-26T06:30:47+00:00\",\"dateModified\":\"2025-08-26T07:15:14+00:00\",\"breadcrumb\":{\"@id\":\"https:\\\/\\\/www.meine-awi.de\\\/awi-aktuell\\\/aktuell\\\/aktuelle-steuerinformationen-fuer-das-personalbuero-09-2025\\\/#breadcrumb\"},\"inLanguage\":\"de\",\"potentialAction\":[{\"@type\":\"ReadAction\",\"target\":[\"https:\\\/\\\/www.meine-awi.de\\\/awi-aktuell\\\/aktuell\\\/aktuelle-steuerinformationen-fuer-das-personalbuero-09-2025\\\/\"]}]},{\"@type\":\"BreadcrumbList\",\"@id\":\"https:\\\/\\\/www.meine-awi.de\\\/awi-aktuell\\\/aktuell\\\/aktuelle-steuerinformationen-fuer-das-personalbuero-09-2025\\\/#breadcrumb\",\"itemListElement\":[{\"@type\":\"ListItem\",\"position\":1,\"name\":\"Home\",\"item\":\"https:\\\/\\\/www.meine-awi.de\\\/awi-aktuell\\\/\"},{\"@type\":\"ListItem\",\"position\":2,\"name\":\"Aktuelle\",\"item\":\"https:\\\/\\\/www.meine-awi.de\\\/awi-aktuell\\\/aktuell\\\/\"},{\"@type\":\"ListItem\",\"position\":3,\"name\":\"AKTUELLE STEUERINFORMATIONEN F\u00dcR DAS PERSONALB\u00dcRO 09\\\/2025\"}]},{\"@type\":\"WebSite\",\"@id\":\"https:\\\/\\\/www.meine-awi.de\\\/awi-aktuell\\\/#website\",\"url\":\"https:\\\/\\\/www.meine-awi.de\\\/awi-aktuell\\\/\",\"name\":\"Aktuelle Steuerthemen Steuerberater &amp; Wirtschaftspr\u00fcfer Augsburg\",\"description\":\"awi Wirtschaftskanzlei Augsburg\",\"publisher\":{\"@id\":\"https:\\\/\\\/www.meine-awi.de\\\/awi-aktuell\\\/#organization\"},\"potentialAction\":[{\"@type\":\"SearchAction\",\"target\":{\"@type\":\"EntryPoint\",\"urlTemplate\":\"https:\\\/\\\/www.meine-awi.de\\\/awi-aktuell\\\/?s={search_term_string}\"},\"query-input\":{\"@type\":\"PropertyValueSpecification\",\"valueRequired\":true,\"valueName\":\"search_term_string\"}}],\"inLanguage\":\"de\"},{\"@type\":\"Organization\",\"@id\":\"https:\\\/\\\/www.meine-awi.de\\\/awi-aktuell\\\/#organization\",\"name\":\"AWI TREUHAND\",\"url\":\"https:\\\/\\\/www.meine-awi.de\\\/awi-aktuell\\\/\",\"logo\":{\"@type\":\"ImageObject\",\"inLanguage\":\"de\",\"@id\":\"https:\\\/\\\/www.meine-awi.de\\\/awi-aktuell\\\/#\\\/schema\\\/logo\\\/image\\\/\",\"url\":\"https:\\\/\\\/www.meine-awi.de\\\/awi-aktuell\\\/wp-content\\\/uploads\\\/sites\\\/6\\\/2020\\\/12\\\/AWI-LOGO-grande-senza-awi.png\",\"contentUrl\":\"https:\\\/\\\/www.meine-awi.de\\\/awi-aktuell\\\/wp-content\\\/uploads\\\/sites\\\/6\\\/2020\\\/12\\\/AWI-LOGO-grande-senza-awi.png\",\"width\":497,\"height\":558,\"caption\":\"AWI TREUHAND\"},\"image\":{\"@id\":\"https:\\\/\\\/www.meine-awi.de\\\/awi-aktuell\\\/#\\\/schema\\\/logo\\\/image\\\/\"}},{\"@type\":\"Person\",\"@id\":\"https:\\\/\\\/www.meine-awi.de\\\/awi-aktuell\\\/#\\\/schema\\\/person\\\/e4e374cf7bf9ccb1dfed5da185803eb9\",\"name\":\"urwank\",\"image\":{\"@type\":\"ImageObject\",\"inLanguage\":\"de\",\"@id\":\"https:\\\/\\\/secure.gravatar.com\\\/avatar\\\/0fda3e4a31073d2694b6bdb7c9c99fce2adb4695c7859f872d929c46ff37e265?s=96&d=mm&r=g\",\"url\":\"https:\\\/\\\/secure.gravatar.com\\\/avatar\\\/0fda3e4a31073d2694b6bdb7c9c99fce2adb4695c7859f872d929c46ff37e265?s=96&d=mm&r=g\",\"contentUrl\":\"https:\\\/\\\/secure.gravatar.com\\\/avatar\\\/0fda3e4a31073d2694b6bdb7c9c99fce2adb4695c7859f872d929c46ff37e265?s=96&d=mm&r=g\",\"caption\":\"urwank\"},\"url\":\"https:\\\/\\\/www.meine-awi.de\\\/awi-aktuell\\\/author\\\/urwank\\\/\"}]}<\/script>\n<!-- \/ Yoast SEO Premium plugin. -->","yoast_head_json":{"title":"AKTUELLE STEUERINFORMATIONEN F\u00dcR DAS PERSONALB\u00dcRO 09\/2025 | Aktuelle Steuerthemen Steuerberater &amp; Wirtschaftspr\u00fcfer Augsburg","robots":{"index":"index","follow":"follow","max-snippet":"max-snippet:-1","max-image-preview":"max-image-preview:large","max-video-preview":"max-video-preview:-1"},"canonical":"https:\/\/www.meine-awi.de\/awi-aktuell\/aktuell\/aktuelle-steuerinformationen-fuer-das-personalbuero-09-2025\/","og_locale":"de_DE","og_type":"article","og_title":"AKTUELLE STEUERINFORMATIONEN F\u00dcR DAS PERSONALB\u00dcRO 09\/2025","og_description":"Aus Koalitionskreisen ist zu erfahren, dass bereits w\u00e4hrend der Sommerpause Steuerentlastungen f\u00fcr Arbeitnehmer abgestimmt werden sollen. Wir fassen","og_url":"https:\/\/www.meine-awi.de\/awi-aktuell\/aktuell\/aktuelle-steuerinformationen-fuer-das-personalbuero-09-2025\/","og_site_name":"Aktuelle Steuerthemen Steuerberater &amp; Wirtschaftspr\u00fcfer Augsburg","article_modified_time":"2025-08-26T07:15:14+00:00","og_image":[{"width":467,"height":233,"url":"https:\/\/www.meine-awi.de\/awi-aktuell\/wp-content\/uploads\/sites\/6\/2021\/04\/AWI-Aktuell-Steuerberater-und-Wirtschaftspruefer-Augsburg.jpg","type":"image\/jpeg"}],"twitter_card":"summary_large_image","schema":{"@context":"https:\/\/schema.org","@graph":[{"@type":"NewsArticle","@id":"https:\/\/www.meine-awi.de\/awi-aktuell\/aktuell\/aktuelle-steuerinformationen-fuer-das-personalbuero-09-2025\/#article","isPartOf":{"@id":"https:\/\/www.meine-awi.de\/awi-aktuell\/aktuell\/aktuelle-steuerinformationen-fuer-das-personalbuero-09-2025\/"},"author":{"name":"urwank","@id":"https:\/\/www.meine-awi.de\/awi-aktuell\/#\/schema\/person\/e4e374cf7bf9ccb1dfed5da185803eb9"},"headline":"AKTUELLE STEUERINFORMATIONEN F\u00dcR DAS PERSONALB\u00dcRO 09\/2025","datePublished":"2025-08-26T06:30:47+00:00","dateModified":"2025-08-26T07:15:14+00:00","mainEntityOfPage":{"@id":"https:\/\/www.meine-awi.de\/awi-aktuell\/aktuell\/aktuelle-steuerinformationen-fuer-das-personalbuero-09-2025\/"},"wordCount":68,"publisher":{"@id":"https:\/\/www.meine-awi.de\/awi-aktuell\/#organization"},"inLanguage":"de"},{"@type":"WebPage","@id":"https:\/\/www.meine-awi.de\/awi-aktuell\/aktuell\/aktuelle-steuerinformationen-fuer-das-personalbuero-09-2025\/","url":"https:\/\/www.meine-awi.de\/awi-aktuell\/aktuell\/aktuelle-steuerinformationen-fuer-das-personalbuero-09-2025\/","name":"AKTUELLE STEUERINFORMATIONEN F\u00dcR DAS PERSONALB\u00dcRO 09\/2025 | Aktuelle Steuerthemen Steuerberater &amp; Wirtschaftspr\u00fcfer Augsburg","isPartOf":{"@id":"https:\/\/www.meine-awi.de\/awi-aktuell\/#website"},"datePublished":"2025-08-26T06:30:47+00:00","dateModified":"2025-08-26T07:15:14+00:00","breadcrumb":{"@id":"https:\/\/www.meine-awi.de\/awi-aktuell\/aktuell\/aktuelle-steuerinformationen-fuer-das-personalbuero-09-2025\/#breadcrumb"},"inLanguage":"de","potentialAction":[{"@type":"ReadAction","target":["https:\/\/www.meine-awi.de\/awi-aktuell\/aktuell\/aktuelle-steuerinformationen-fuer-das-personalbuero-09-2025\/"]}]},{"@type":"BreadcrumbList","@id":"https:\/\/www.meine-awi.de\/awi-aktuell\/aktuell\/aktuelle-steuerinformationen-fuer-das-personalbuero-09-2025\/#breadcrumb","itemListElement":[{"@type":"ListItem","position":1,"name":"Home","item":"https:\/\/www.meine-awi.de\/awi-aktuell\/"},{"@type":"ListItem","position":2,"name":"Aktuelle","item":"https:\/\/www.meine-awi.de\/awi-aktuell\/aktuell\/"},{"@type":"ListItem","position":3,"name":"AKTUELLE STEUERINFORMATIONEN F\u00dcR DAS PERSONALB\u00dcRO 09\/2025"}]},{"@type":"WebSite","@id":"https:\/\/www.meine-awi.de\/awi-aktuell\/#website","url":"https:\/\/www.meine-awi.de\/awi-aktuell\/","name":"Aktuelle Steuerthemen Steuerberater &amp; Wirtschaftspr\u00fcfer Augsburg","description":"awi Wirtschaftskanzlei Augsburg","publisher":{"@id":"https:\/\/www.meine-awi.de\/awi-aktuell\/#organization"},"potentialAction":[{"@type":"SearchAction","target":{"@type":"EntryPoint","urlTemplate":"https:\/\/www.meine-awi.de\/awi-aktuell\/?s={search_term_string}"},"query-input":{"@type":"PropertyValueSpecification","valueRequired":true,"valueName":"search_term_string"}}],"inLanguage":"de"},{"@type":"Organization","@id":"https:\/\/www.meine-awi.de\/awi-aktuell\/#organization","name":"AWI TREUHAND","url":"https:\/\/www.meine-awi.de\/awi-aktuell\/","logo":{"@type":"ImageObject","inLanguage":"de","@id":"https:\/\/www.meine-awi.de\/awi-aktuell\/#\/schema\/logo\/image\/","url":"https:\/\/www.meine-awi.de\/awi-aktuell\/wp-content\/uploads\/sites\/6\/2020\/12\/AWI-LOGO-grande-senza-awi.png","contentUrl":"https:\/\/www.meine-awi.de\/awi-aktuell\/wp-content\/uploads\/sites\/6\/2020\/12\/AWI-LOGO-grande-senza-awi.png","width":497,"height":558,"caption":"AWI TREUHAND"},"image":{"@id":"https:\/\/www.meine-awi.de\/awi-aktuell\/#\/schema\/logo\/image\/"}},{"@type":"Person","@id":"https:\/\/www.meine-awi.de\/awi-aktuell\/#\/schema\/person\/e4e374cf7bf9ccb1dfed5da185803eb9","name":"urwank","image":{"@type":"ImageObject","inLanguage":"de","@id":"https:\/\/secure.gravatar.com\/avatar\/0fda3e4a31073d2694b6bdb7c9c99fce2adb4695c7859f872d929c46ff37e265?s=96&d=mm&r=g","url":"https:\/\/secure.gravatar.com\/avatar\/0fda3e4a31073d2694b6bdb7c9c99fce2adb4695c7859f872d929c46ff37e265?s=96&d=mm&r=g","contentUrl":"https:\/\/secure.gravatar.com\/avatar\/0fda3e4a31073d2694b6bdb7c9c99fce2adb4695c7859f872d929c46ff37e265?s=96&d=mm&r=g","caption":"urwank"},"url":"https:\/\/www.meine-awi.de\/awi-aktuell\/author\/urwank\/"}]}},"_links":{"self":[{"href":"https:\/\/www.meine-awi.de\/awi-aktuell\/wp-json\/wp\/v2\/aktuell\/18141","targetHints":{"allow":["GET"]}}],"collection":[{"href":"https:\/\/www.meine-awi.de\/awi-aktuell\/wp-json\/wp\/v2\/aktuell"}],"about":[{"href":"https:\/\/www.meine-awi.de\/awi-aktuell\/wp-json\/wp\/v2\/types\/aktuell"}],"author":[{"embeddable":true,"href":"https:\/\/www.meine-awi.de\/awi-aktuell\/wp-json\/wp\/v2\/users\/17"}],"version-history":[{"count":0,"href":"https:\/\/www.meine-awi.de\/awi-aktuell\/wp-json\/wp\/v2\/aktuell\/18141\/revisions"}],"wp:attachment":[{"href":"https:\/\/www.meine-awi.de\/awi-aktuell\/wp-json\/wp\/v2\/media?parent=18141"}],"wp:term":[{"taxonomy":"newsletter","embeddable":true,"href":"https:\/\/www.meine-awi.de\/awi-aktuell\/wp-json\/wp\/v2\/newsletter?post=18141"}],"curies":[{"name":"wp","href":"https:\/\/api.w.org\/{rel}","templated":true}]}}